{"version":"1.0","provider_name":"Audioson","provider_url":"https:\/\/audioson.es\/es\/","author_name":"Audioson","author_url":"https:\/\/audioson.es\/es\/blog-audioson\/author\/audioson\/","title":"La p\u00e9rdida auditiva en la gente mayor: Una afectaci\u00f3n comuna. - Audioson | Centros auditivos Audioson Girona y Osona.","type":"rich","width":600,"height":338,"html":"<blockquote class=\"wp-embedded-content\" data-secret=\"2MlEWho9ix\"><a href=\"https:\/\/audioson.es\/es\/blog-audioson\/prevencion\/perdida-auditiva-en-la-gente-mayor\/\">La p\u00e9rdida auditiva en la gente mayor: Una afectaci\u00f3n comuna.<\/a><\/blockquote><iframe sandbox=\"allow-scripts\" security=\"restricted\" src=\"https:\/\/audioson.es\/es\/blog-audioson\/prevencion\/perdida-auditiva-en-la-gente-mayor\/embed\/#?secret=2MlEWho9ix\" width=\"600\" height=\"338\" title=\"\u00abLa p\u00e9rdida auditiva en la gente mayor: Una afectaci\u00f3n comuna.\u00bb \u2014 Audioson\" data-secret=\"2MlEWho9ix\" frameborder=\"0\" marginwidth=\"0\" marginheight=\"0\" scrolling=\"no\" class=\"wp-embedded-content\"><\/iframe><script type=\"text\/javascript\">\n\/* <![CDATA[ *\/\n\/*! This file is auto-generated *\/\n!function(d,l){\"use strict\";l.querySelector&&d.addEventListener&&\"undefined\"!=typeof URL&&(d.wp=d.wp||{},d.wp.receiveEmbedMessage||(d.wp.receiveEmbedMessage=function(e){var t=e.data;if((t||t.secret||t.message||t.value)&&!\/[^a-zA-Z0-9]\/.test(t.secret)){for(var s,r,n,a=l.querySelectorAll('iframe[data-secret=\"'+t.secret+'\"]'),o=l.querySelectorAll('blockquote[data-secret=\"'+t.secret+'\"]'),c=new RegExp(\"^https?:$\",\"i\"),i=0;i<o.length;i++)o[i].style.display=\"none\";for(i=0;i<a.length;i++)s=a[i],e.source===s.contentWindow&&(s.removeAttribute(\"style\"),\"height\"===t.message?(1e3<(r=parseInt(t.value,10))?r=1e3:~~r<200&&(r=200),s.height=r):\"link\"===t.message&&(r=new URL(s.getAttribute(\"src\")),n=new URL(t.value),c.test(n.protocol))&&n.host===r.host&&l.activeElement===s&&(d.top.location.href=t.value))}},d.addEventListener(\"message\",d.wp.receiveEmbedMessage,!1),l.addEventListener(\"DOMContentLoaded\",function(){for(var e,t,s=l.querySelectorAll(\"iframe.wp-embedded-content\"),r=0;r<s.length;r++)(t=(e=s[r]).getAttribute(\"data-secret\"))||(t=Math.random().toString(36).substring(2,12),e.src+=\"#?secret=\"+t,e.setAttribute(\"data-secret\",t)),e.contentWindow.postMessage({message:\"ready\",secret:t},\"*\")},!1)))}(window,document);\n\/\/# sourceURL=https:\/\/audioson.es\/wp-includes\/js\/wp-embed.min.js\n\/* ]]> *\/\n<\/script>\n","thumbnail_url":"https:\/\/audioson.es\/wp-content\/uploads\/2018\/02\/ajuda_490x285_02.png","thumbnail_width":490,"thumbnail_height":285,"description":"La p\u00e9rdida auditiva en la gente mayor es un problema com\u00fan entre la gente mayor de 50 a\u00f1os. Se trata de la p\u00e9rdida progresiva de la capacidad de escuchar. Te contamos como hacer frente a un problema que muchos de nosotros padecemos."}