{"id":1896,"date":"2018-02-05T16:15:32","date_gmt":"2018-02-05T14:15:32","guid":{"rendered":"https:\/\/audioson.es\/vols-treballar-amb-nosaltres\/"},"modified":"2023-07-03T10:58:58","modified_gmt":"2023-07-03T08:58:58","slug":"trabaja-con-nosotros","status":"publish","type":"page","link":"https:\/\/audioson.es\/es\/trabaja-con-nosotros\/","title":{"rendered":"Trabaja con nosotros"},"content":{"rendered":"<h3>Protecci\u00f3n de datos de car\u00e1cter personal CV<\/h3>\n<p>Conforme a la Ley org\u00e1nica 15\/1999, de 13 de diciembre, de Protecci\u00f3n de Datos de Car\u00e1cter Personal, os informamos que al clicar sobre el bot\u00f3n ENVIAR est\u00e1is dando vuestro consentimiento expr\u00e9s para que vuestros datos pasen a formar parte de la base de datos de Audioson para que podamos atender vuestra solicitud y para que, seg\u00fan lo que dispone la Ley 34\/2002, del 11 de junio, de Serveis de la Societat de la Informaci\u00f3 i de Comer\u00e7 Electr\u00f2nic, os podamos mandar informaci\u00f3n sobre nuestros servicios y productos mediante cualquier medio de comunicaci\u00f3n, electr\u00f3nico o no.<\/p>\n<p>As\u00ed mismo manifest\u00e1is que los datos que nos hab\u00e9is proporcionado son verdaderos y que sois la persona autorizada para poder usarlos, y Audioson queda exento de cualquier da\u00f1o y perjuicio que pod\u00e1is sufrir debido a la falta de veracidad en el contenido de la informaci\u00f3n facilitada. Os comunicamos que si dese\u00e1is ejercer los derechos que la Ley reconoce de acceso, cancelaci\u00f3n, rectificaci\u00f3n u oposici\u00f3n, pod\u00e9is hacerlo mand\u00e1ndonos un correo electr\u00f3nico a la direcci\u00f3n siguiente:\u00a0<a href=\"mailto:info@audioson.es\">infoaudioson@audioson.es<\/a> o por correo postal a: Audioson, Apartado de Correos 83, 17080 Girona.<\/p>\n<h3><strong>CL\u00c1USULA PARA RECOGIDA DE DATOS SELECCI\u00d3N DE PERSONAL<\/strong><\/h3>\n<p>De conformidad con la normativa vigente y aplicable en protecci\u00f3n de datos de car\u00e1cter personal, le informamos que sus datos ser\u00e1n incorporados al sistema de tratamiento titularidad de GRUPO AUDIOSON*, y que a continuaci\u00f3n se relacionan sus respectivas finalidades, plazos de conservaci\u00f3n y bases legitimadoras. Para aquellos tratamientos que lo requieran, se informa tambi\u00e9n de la posible elaboraci\u00f3n de perfiles y decisiones automatizadas que GRUPO AUDIOSON tiene previsto realizar:<\/p>\n<p>&#8211; <strong>Finalidad: <\/strong>Captaci\u00f3n, registro y tratamiento de datos de candidatos para finalidades de selecci\u00f3n de personal y gesti\u00f3n, an\u00e1lisis y archivo de los curr\u00edculos de los candidatos<\/p>\n<p>&#8211; <strong>Plazo de conservaci\u00f3n: <\/strong>1 a\u00f1o.<\/p>\n<p>&#8211; <strong>Base leg\u00edtima: <\/strong>El inter\u00e9s leg\u00edtimo.<\/p>\n<p>De acuerdo con los derechos que le confiere la normativa vigente y aplicable en protecci\u00f3n de datos podr\u00e1 ejercer los derechos de acceso, rectificaci\u00f3n, limitaci\u00f3n de tratamiento, supresi\u00f3n (\u201cderecho al olvido\u201d), portabilidad y oposici\u00f3n al tratamiento de sus datos de car\u00e1cter personal as\u00ed como la revocaci\u00f3n del consentimiento prestado para el tratamiento de los mismos, dirigiendo su petici\u00f3n a la direcci\u00f3n postal PLA\u00c7A CATALUNYA 9 17004, GIRONA o al correo electr\u00f3nico info@audioson.es. Podr\u00e1 dirigirse a la Autoridad de Control competente para presentar la reclamaci\u00f3n que considere oportuna.<\/p>\n<p>Grupo Audioson*<\/p>\n<p>B17984352 &#8211; ABELENDA MANTE SL PLA\u00c7A CATALUNYA 9,17004 GIRONA<\/p>\n<p>B55255830 &#8211; CATCENTRES AUDITIUS SL PLA\u00c7A CATALUNYA 9,17004 GIRONA<\/p>\n<p>B47091863 &#8211; CENTRO AUDITIVO EUROPEO SL PASEO SAN FRANCISCO DE SALES 21,28003 MADRID<\/p>\n","protected":false},"excerpt":{"rendered":"<p>Protecci\u00f3n de datos de car\u00e1cter personal CV Conforme a la Ley org\u00e1nica 15\/1999, de 13 de diciembre, de Protecci\u00f3n de Datos de Car\u00e1cter Personal, os informamos que al clicar sobre el bot\u00f3n ENVIAR est\u00e1is dando vuestro consentimiento expr\u00e9s para que vuestros datos pasen a formar parte de la base de datos de Audioson para que [&hellip;]<\/p>\n","protected":false},"author":6,"featured_media":0,"parent":0,"menu_order":0,"comment_status":"closed","ping_status":"closed","template":"page-templates\/page_treballa_amb_nosaltres.php","meta":{"_acf_changed":false,"footnotes":""},"class_list":["post-1896","page","type-page","status-publish","hentry"],"acf":[],"yoast_head":"<!-- This site is optimized with the Yoast SEO plugin v26.9 - https:\/\/yoast.com\/product\/yoast-seo-wordpress\/ -->\n<title>Trabaja con nosotros - Audioson<\/title>\n<meta name=\"robots\" content=\"index, nofollow, max-snippet:-1, max-image-preview:large, max-video-preview:-1\" \/>\n<link rel=\"canonical\" href=\"https:\/\/audioson.es\/es\/trabaja-con-nosotros\/\" \/>\n<meta property=\"og:locale\" content=\"es_ES\" \/>\n<meta property=\"og:type\" content=\"article\" \/>\n<meta property=\"og:title\" content=\"Trabaja con nosotros - Audioson\" \/>\n<meta property=\"og:description\" content=\"Protecci\u00f3n de datos de car\u00e1cter personal CV Conforme a la Ley org\u00e1nica 15\/1999, de 13 de diciembre, de Protecci\u00f3n de Datos de Car\u00e1cter Personal, os informamos que al clicar sobre el bot\u00f3n ENVIAR est\u00e1is dando vuestro consentimiento expr\u00e9s para que vuestros datos pasen a formar parte de la base de datos de Audioson para que [&hellip;]\" \/>\n<meta property=\"og:url\" content=\"https:\/\/audioson.es\/es\/trabaja-con-nosotros\/\" \/>\n<meta property=\"og:site_name\" content=\"Audioson\" \/>\n<meta property=\"article:modified_time\" content=\"2023-07-03T08:58:58+00:00\" \/>\n<meta name=\"twitter:card\" content=\"summary_large_image\" \/>\n<meta name=\"twitter:label1\" content=\"Tiempo de lectura\" \/>\n\t<meta name=\"twitter:data1\" content=\"2 minutos\" \/>\n<script type=\"application\/ld+json\" class=\"yoast-schema-graph\">{\"@context\":\"https:\/\/schema.org\",\"@graph\":[{\"@type\":\"WebPage\",\"@id\":\"https:\/\/audioson.es\/es\/trabaja-con-nosotros\/\",\"url\":\"https:\/\/audioson.es\/es\/trabaja-con-nosotros\/\",\"name\":\"Trabaja con nosotros - Audioson\",\"isPartOf\":{\"@id\":\"https:\/\/audioson.es\/es\/#website\"},\"datePublished\":\"2018-02-05T14:15:32+00:00\",\"dateModified\":\"2023-07-03T08:58:58+00:00\",\"breadcrumb\":{\"@id\":\"https:\/\/audioson.es\/es\/trabaja-con-nosotros\/#breadcrumb\"},\"inLanguage\":\"es\",\"potentialAction\":[{\"@type\":\"ReadAction\",\"target\":[\"https:\/\/audioson.es\/es\/trabaja-con-nosotros\/\"]}]},{\"@type\":\"BreadcrumbList\",\"@id\":\"https:\/\/audioson.es\/es\/trabaja-con-nosotros\/#breadcrumb\",\"itemListElement\":[{\"@type\":\"ListItem\",\"position\":1,\"name\":\"Inici\",\"item\":\"https:\/\/audioson.es\/es\/\"},{\"@type\":\"ListItem\",\"position\":2,\"name\":\"Trabaja con nosotros\"}]},{\"@type\":\"WebSite\",\"@id\":\"https:\/\/audioson.es\/es\/#website\",\"url\":\"https:\/\/audioson.es\/es\/\",\"name\":\"Audioson\",\"description\":\"Centres auditius\",\"publisher\":{\"@id\":\"https:\/\/audioson.es\/es\/#organization\"},\"potentialAction\":[{\"@type\":\"SearchAction\",\"target\":{\"@type\":\"EntryPoint\",\"urlTemplate\":\"https:\/\/audioson.es\/es\/?s={search_term_string}\"},\"query-input\":{\"@type\":\"PropertyValueSpecification\",\"valueRequired\":true,\"valueName\":\"search_term_string\"}}],\"inLanguage\":\"es\"},{\"@type\":\"Organization\",\"@id\":\"https:\/\/audioson.es\/es\/#organization\",\"name\":\"Audioson\",\"url\":\"https:\/\/audioson.es\/es\/\",\"logo\":{\"@type\":\"ImageObject\",\"inLanguage\":\"es\",\"@id\":\"https:\/\/audioson.es\/es\/#\/schema\/logo\/image\/\",\"url\":\"https:\/\/audioson.es\/wp-content\/uploads\/2018\/04\/logo_adaptatiu.png\",\"contentUrl\":\"https:\/\/audioson.es\/wp-content\/uploads\/2018\/04\/logo_adaptatiu.png\",\"width\":147,\"height\":37,\"caption\":\"Audioson\"},\"image\":{\"@id\":\"https:\/\/audioson.es\/es\/#\/schema\/logo\/image\/\"}}]}<\/script>\n<!-- \/ Yoast SEO plugin. -->","yoast_head_json":{"title":"Trabaja con nosotros - Audioson","robots":{"index":"index","follow":"nofollow","max-snippet":"max-snippet:-1","max-image-preview":"max-image-preview:large","max-video-preview":"max-video-preview:-1"},"canonical":"https:\/\/audioson.es\/es\/trabaja-con-nosotros\/","og_locale":"es_ES","og_type":"article","og_title":"Trabaja con nosotros - Audioson","og_description":"Protecci\u00f3n de datos de car\u00e1cter personal CV Conforme a la Ley org\u00e1nica 15\/1999, de 13 de diciembre, de Protecci\u00f3n de Datos de Car\u00e1cter Personal, os informamos que al clicar sobre el bot\u00f3n ENVIAR est\u00e1is dando vuestro consentimiento expr\u00e9s para que vuestros datos pasen a formar parte de la base de datos de Audioson para que [&hellip;]","og_url":"https:\/\/audioson.es\/es\/trabaja-con-nosotros\/","og_site_name":"Audioson","article_modified_time":"2023-07-03T08:58:58+00:00","twitter_card":"summary_large_image","twitter_misc":{"Tiempo de lectura":"2 minutos"},"schema":{"@context":"https:\/\/schema.org","@graph":[{"@type":"WebPage","@id":"https:\/\/audioson.es\/es\/trabaja-con-nosotros\/","url":"https:\/\/audioson.es\/es\/trabaja-con-nosotros\/","name":"Trabaja con nosotros - Audioson","isPartOf":{"@id":"https:\/\/audioson.es\/es\/#website"},"datePublished":"2018-02-05T14:15:32+00:00","dateModified":"2023-07-03T08:58:58+00:00","breadcrumb":{"@id":"https:\/\/audioson.es\/es\/trabaja-con-nosotros\/#breadcrumb"},"inLanguage":"es","potentialAction":[{"@type":"ReadAction","target":["https:\/\/audioson.es\/es\/trabaja-con-nosotros\/"]}]},{"@type":"BreadcrumbList","@id":"https:\/\/audioson.es\/es\/trabaja-con-nosotros\/#breadcrumb","itemListElement":[{"@type":"ListItem","position":1,"name":"Inici","item":"https:\/\/audioson.es\/es\/"},{"@type":"ListItem","position":2,"name":"Trabaja con nosotros"}]},{"@type":"WebSite","@id":"https:\/\/audioson.es\/es\/#website","url":"https:\/\/audioson.es\/es\/","name":"Audioson","description":"Centres auditius","publisher":{"@id":"https:\/\/audioson.es\/es\/#organization"},"potentialAction":[{"@type":"SearchAction","target":{"@type":"EntryPoint","urlTemplate":"https:\/\/audioson.es\/es\/?s={search_term_string}"},"query-input":{"@type":"PropertyValueSpecification","valueRequired":true,"valueName":"search_term_string"}}],"inLanguage":"es"},{"@type":"Organization","@id":"https:\/\/audioson.es\/es\/#organization","name":"Audioson","url":"https:\/\/audioson.es\/es\/","logo":{"@type":"ImageObject","inLanguage":"es","@id":"https:\/\/audioson.es\/es\/#\/schema\/logo\/image\/","url":"https:\/\/audioson.es\/wp-content\/uploads\/2018\/04\/logo_adaptatiu.png","contentUrl":"https:\/\/audioson.es\/wp-content\/uploads\/2018\/04\/logo_adaptatiu.png","width":147,"height":37,"caption":"Audioson"},"image":{"@id":"https:\/\/audioson.es\/es\/#\/schema\/logo\/image\/"}}]}},"_links":{"self":[{"href":"https:\/\/audioson.es\/es\/wp-json\/wp\/v2\/pages\/1896","targetHints":{"allow":["GET"]}}],"collection":[{"href":"https:\/\/audioson.es\/es\/wp-json\/wp\/v2\/pages"}],"about":[{"href":"https:\/\/audioson.es\/es\/wp-json\/wp\/v2\/types\/page"}],"author":[{"embeddable":true,"href":"https:\/\/audioson.es\/es\/wp-json\/wp\/v2\/users\/6"}],"replies":[{"embeddable":true,"href":"https:\/\/audioson.es\/es\/wp-json\/wp\/v2\/comments?post=1896"}],"version-history":[{"count":0,"href":"https:\/\/audioson.es\/es\/wp-json\/wp\/v2\/pages\/1896\/revisions"}],"wp:attachment":[{"href":"https:\/\/audioson.es\/es\/wp-json\/wp\/v2\/media?parent=1896"}],"curies":[{"name":"wp","href":"https:\/\/api.w.org\/{rel}","templated":true}]}}